{"id":1431,"date":"2024-08-28T08:55:43","date_gmt":"2024-08-28T11:55:43","guid":{"rendered":"https:\/\/www.fae.ufmg.br\/biblioteca\/?page_id=1431"},"modified":"2024-08-28T09:16:06","modified_gmt":"2024-08-28T12:16:06","slug":"2023-lecampo","status":"publish","type":"page","link":"https:\/\/www.fae.ufmg.br\/biblioteca\/recursos-online\/monografias-do-lecampo\/2023-lecampo\/","title":{"rendered":"2023 &#8211; Lecampo"},"content":{"rendered":"\n<p><strong>Trabalhos de conclus\u00e3o de curso dos alunos do curso de Licenciatura em Educa\u00e7\u00e3o do Campo (LECAMPO) do ano de 2023 &#8211; Habilita\u00e7\u00e3o em Ci\u00eancias Sociais e Humanidades<\/strong><\/p>\n\n\n\n<div class=\"wp-block-group\"><div class=\"wp-block-group__inner-container\">\n<p>ARA\u00daJO, Alice Cardoso de. <strong>A hist\u00f3ria da feira de agroecologia e artesanato de morro do Pilar-MG<\/strong>: transforma\u00e7\u00e3o social, valoriza\u00e7\u00e3o da cultura local e protagonismo feminino. 2023. 116 f. Trabalho de Conclus\u00e3o de Curso (Licenciatura em Educa\u00e7\u00e3o do Campo, Habilita\u00e7\u00e3o em Ci\u00eancias Sociais e Humanidades.) \u2013 Faculdade de Educa\u00e7\u00e3o, Universidade Federal de Minas Gerais, Belo Horizonte; Morro do Pilar (MG), 2023. Orientador: Mateus de Moraes Servilha; Coorientadora: Aryanne Martins Oliveira; Dispon\u00edvel em &lt;https:\/\/www.fae.ufmg.br\/biblioteca\/wp-content\/uploads\/sites\/7\/2024\/08\/TCC-Alice_Versao-Final.pdf&gt;<\/p>\n\n\n\n<p><a href=\"https:\/\/www.fae.ufmg.br\/biblioteca\/wp-content\/uploads\/sites\/7\/2024\/08\/TCC-Alice_Versao-Final.pdf\"><img loading=\"lazy\" width=\"50\" height=\"50\" class=\"wp-image-1053\" style=\"width: 50px\" src=\"https:\/\/www.fae.ufmg.br\/biblioteca\/wp-content\/uploads\/sites\/7\/2022\/10\/pdf-download-icon.gif\" alt=\"\" srcset=\"https:\/\/www.fae.ufmg.br\/biblioteca\/wp-content\/uploads\/sites\/7\/2022\/10\/pdf-download-icon.gif 50w, https:\/\/www.fae.ufmg.br\/biblioteca\/wp-content\/uploads\/sites\/7\/2022\/10\/pdf-download-icon-40x40.gif 40w\" sizes=\"(max-width: 50px) 100vw, 50px\" \/><\/a><\/p>\n<\/div><\/div>\n\n\n\n<div class=\"wp-block-group\"><div class=\"wp-block-group__inner-container\">\n<p>ARA\u00daJO, Tha\u00eds Almeida.<strong> Chap\u00e9u de indai\u00e1 em Morro do Pilar &#8211; MG<\/strong>: uma autoetnografia da produ\u00e7\u00e3o artesanal do chap\u00e9u. 2023. 42 f. Trabalho de Conclus\u00e3o de Curso (Licenciatura em Educa\u00e7\u00e3o do Campo, Habilita\u00e7\u00e3o em Ci\u00eancias Sociais e Humanidades.) \u2013 Faculdade de Educa\u00e7\u00e3o, Universidade Federal de Minas Gerais, Belo Horizonte; Morro do Pilar (MG), 2023. Orientadora: Ana Paula Giavara. Dispon\u00edvel em: &lt;https:\/\/www.fae.ufmg.br\/biblioteca\/wp-content\/uploads\/sites\/7\/2024\/08\/TCC-Thais-Almeida-VersaoFinal.pdf&gt;<\/p>\n\n\n\n<figure class=\"wp-block-image size-full\"><a href=\"https:\/\/www.fae.ufmg.br\/biblioteca\/wp-content\/uploads\/sites\/7\/2024\/08\/TCC-Thais-Almeida-VersaoFinal.pdf\"><img loading=\"lazy\" width=\"50\" height=\"50\" src=\"https:\/\/www.fae.ufmg.br\/biblioteca\/wp-content\/uploads\/sites\/7\/2022\/10\/pdf-download-icon.gif\" alt=\"\" class=\"wp-image-1053\" srcset=\"https:\/\/www.fae.ufmg.br\/biblioteca\/wp-content\/uploads\/sites\/7\/2022\/10\/pdf-download-icon.gif 50w, https:\/\/www.fae.ufmg.br\/biblioteca\/wp-content\/uploads\/sites\/7\/2022\/10\/pdf-download-icon-40x40.gif 40w\" sizes=\"(max-width: 50px) 100vw, 50px\" \/><\/a><\/figure>\n<\/div><\/div>\n\n\n\n<div class=\"wp-block-group\"><div class=\"wp-block-group__inner-container\">\n<p>AZEVEDO, Raquel Cordeiro de. <strong>&#8220;\u00c9 dif\u00edcil\u2026&#8221;, mas poss\u00edvel<\/strong>: um estudo sobre a educa\u00e7\u00e3o de jovens e adultos no distrito de Chapadinha, munic\u00edpio Capelinha- MG (2021-2022). 2023. 70 f. Trabalho de Conclus\u00e3o de Curso (Licenciatura em Educa\u00e7\u00e3o do Campo, Habilita\u00e7\u00e3o em Ci\u00eancias Sociais e Humanidades.) \u2013 Faculdade de Educa\u00e7\u00e3o, Universidade Federal de Minas Gerais, Belo Horizonte; Capelinha (MG), 2023. Orientadora: Meiriele Cruz. Dispon\u00edvel em &lt;https:\/\/www.fae.ufmg.br\/biblioteca\/wp-content\/uploads\/sites\/7\/2024\/08\/TCC-Raquel-Cordeiro-Versao-Final.pdf&gt;<\/p>\n\n\n\n<figure class=\"wp-block-image size-full\"><a href=\"https:\/\/www.fae.ufmg.br\/biblioteca\/wp-content\/uploads\/sites\/7\/2024\/08\/TCC-Raquel-Cordeiro-Versao-Final.pdf\"><img loading=\"lazy\" width=\"50\" height=\"50\" src=\"https:\/\/www.fae.ufmg.br\/biblioteca\/wp-content\/uploads\/sites\/7\/2022\/10\/pdf-download-icon.gif\" alt=\"\" class=\"wp-image-1053\" srcset=\"https:\/\/www.fae.ufmg.br\/biblioteca\/wp-content\/uploads\/sites\/7\/2022\/10\/pdf-download-icon.gif 50w, https:\/\/www.fae.ufmg.br\/biblioteca\/wp-content\/uploads\/sites\/7\/2022\/10\/pdf-download-icon-40x40.gif 40w\" sizes=\"(max-width: 50px) 100vw, 50px\" \/><\/a><\/figure>\n<\/div><\/div>\n\n\n\n<div class=\"wp-block-group\"><div class=\"wp-block-group__inner-container\">\n<p>BERNARDO, Amanda Tamires. <strong>O deslocamento das mulheres da comunidade de Ro\u00e7a Grande-Piranga-MG em busca de trabalho na colheita de caf\u00e9<\/strong>. 2023. 32 f. Trabalho de Conclus\u00e3o de Curso (Licenciatura em Educa\u00e7\u00e3o do Campo, Habilita\u00e7\u00e3o em Ci\u00eancias Sociais e Humanidades.) \u2013 Faculdade de Educa\u00e7\u00e3o, Universidade Federal de Minas Gerais, Belo Horizonte, 2023. Orientadora: Maria de F\u00e1tima Almeida Martins. Dispon\u00edvel em : &lt;https:\/\/www.fae.ufmg.br\/biblioteca\/wp-content\/uploads\/sites\/7\/2024\/08\/TCC-Amanda-Versao-Final_Biblioteca.pdf&gt;<\/p>\n\n\n\n<figure class=\"wp-block-image size-full\"><a href=\"https:\/\/www.fae.ufmg.br\/biblioteca\/wp-content\/uploads\/sites\/7\/2024\/08\/TCC-Amanda-Versao-Final_Biblioteca.pdf\"><img loading=\"lazy\" width=\"50\" height=\"50\" src=\"https:\/\/www.fae.ufmg.br\/biblioteca\/wp-content\/uploads\/sites\/7\/2022\/10\/pdf-download-icon.gif\" alt=\"\" class=\"wp-image-1053\" srcset=\"https:\/\/www.fae.ufmg.br\/biblioteca\/wp-content\/uploads\/sites\/7\/2022\/10\/pdf-download-icon.gif 50w, https:\/\/www.fae.ufmg.br\/biblioteca\/wp-content\/uploads\/sites\/7\/2022\/10\/pdf-download-icon-40x40.gif 40w\" sizes=\"(max-width: 50px) 100vw, 50px\" \/><\/a><\/figure>\n<\/div><\/div>\n\n\n\n<div class=\"wp-block-group\"><div class=\"wp-block-group__inner-container\">\n<p>CAETANO, Silvania Marques. <strong>Mulheres na verean\u00e7a<\/strong>: a participa\u00e7\u00e3o feminina na pol\u00edtica institucional de Icara\u00ed de Minas &#8211; MG (1992-2022). 2023. 91 f. Trabalho de Conclus\u00e3o de Curso (Licenciatura em Educa\u00e7\u00e3o do Campo, Habilita\u00e7\u00e3o em Ci\u00eancias Sociais e Humanidades.) \u2013 Faculdade de Educa\u00e7\u00e3o, Universidade Federal de Minas Gerais, Belo Horizonte; Icara\u00ed de Minas, 2023. Orientadora: Nayara Silva de Carie; Coorientador: Meiriele Cruz; Dispon\u00edvel em &lt;https:\/\/www.fae.ufmg.br\/biblioteca\/wp-content\/uploads\/sites\/7\/2024\/08\/TCC-Silvania-Versao-Final.pdf&gt;<\/p>\n\n\n\n<figure class=\"wp-block-image size-full\"><a href=\"https:\/\/www.fae.ufmg.br\/biblioteca\/wp-content\/uploads\/sites\/7\/2024\/08\/TCC-Silvania-Versao-Final.pdf\"><img loading=\"lazy\" width=\"50\" height=\"50\" src=\"https:\/\/www.fae.ufmg.br\/biblioteca\/wp-content\/uploads\/sites\/7\/2022\/10\/pdf-download-icon.gif\" alt=\"\" class=\"wp-image-1053\" srcset=\"https:\/\/www.fae.ufmg.br\/biblioteca\/wp-content\/uploads\/sites\/7\/2022\/10\/pdf-download-icon.gif 50w, https:\/\/www.fae.ufmg.br\/biblioteca\/wp-content\/uploads\/sites\/7\/2022\/10\/pdf-download-icon-40x40.gif 40w\" sizes=\"(max-width: 50px) 100vw, 50px\" \/><\/a><\/figure>\n<\/div><\/div>\n\n\n\n<div class=\"wp-block-group\"><div class=\"wp-block-group__inner-container\">\n<p>FERNANDES, <strong>Elisama Berenice Martins<\/strong>. O novo ensino m\u00e9dio e a educa\u00e7\u00e3o do campo na Escola Estadual Professor Gast\u00e3o Valle, Bocai\u00fava-MG (2017-2022). 2023. [43] f. Trabalho de Conclus\u00e3o de Curso (Licenciatura em Educa\u00e7\u00e3o do Campo, Habilita\u00e7\u00e3o em Ci\u00eancias Sociais e Humanidades.) \u2013 Faculdade de Educa\u00e7\u00e3o, Universidade Federal de Minas Gerais, Belo Horizonte; Bocai\u00fava, 2023. Orientadoar: Ana Paula Giavara. Dispon\u00edvel em: &lt;https:\/\/www.fae.ufmg.br\/biblioteca\/wp-content\/uploads\/sites\/7\/2024\/08\/TCC-Elisama-Versao-Final.pdf&gt;<\/p>\n\n\n\n<figure class=\"wp-block-image size-full\"><a href=\"https:\/\/www.fae.ufmg.br\/biblioteca\/wp-content\/uploads\/sites\/7\/2024\/08\/TCC-Elisama-Versao-Final.pdf\"><img loading=\"lazy\" width=\"50\" height=\"50\" src=\"https:\/\/www.fae.ufmg.br\/biblioteca\/wp-content\/uploads\/sites\/7\/2022\/10\/pdf-download-icon.gif\" alt=\"\" class=\"wp-image-1053\" srcset=\"https:\/\/www.fae.ufmg.br\/biblioteca\/wp-content\/uploads\/sites\/7\/2022\/10\/pdf-download-icon.gif 50w, https:\/\/www.fae.ufmg.br\/biblioteca\/wp-content\/uploads\/sites\/7\/2022\/10\/pdf-download-icon-40x40.gif 40w\" sizes=\"(max-width: 50px) 100vw, 50px\" \/><\/a><\/figure>\n\n\n\n<p>GOMES, Jamily Emelly Dias. <strong>As tecnologias da informa\u00e7\u00e3o e comunica\u00e7\u00e3o (TICs) no ensino m\u00e9dio<\/strong>: um estudo explorat\u00f3rio sobre o trabalho docente no distrito de Serra Nova em Rio Pardo de Minas &#8211; Minas Gerais. 2023. 34 f. Trabalho de Conclus\u00e3o de Curso (Licenciatura em Educa\u00e7\u00e3o do Campo, Habilita\u00e7\u00e3o em Ci\u00eancias Sociais e Humanidades.) \u2013 Faculdade de Educa\u00e7\u00e3o, Universidade Federal de Minas Gerais, Belo Horizonte; Rio Pardo de Minas (MG), 2023. Orientador: Danilo Marques Silva. Dispon\u00edvel em: &lt;https:\/\/www.fae.ufmg.br\/biblioteca\/wp-content\/uploads\/sites\/7\/2024\/08\/TCC-Elisama-Versao-Final.pdf&gt;<\/p>\n<\/div><\/div>\n\n\n\n<div class=\"wp-block-group\"><div class=\"wp-block-group__inner-container\">\n<figure class=\"wp-block-image size-full\"><a href=\"https:\/\/www.fae.ufmg.br\/biblioteca\/wp-content\/uploads\/sites\/7\/2024\/08\/TCC-Elisama-Versao-Final.pdf\"><img loading=\"lazy\" width=\"50\" height=\"50\" src=\"https:\/\/www.fae.ufmg.br\/biblioteca\/wp-content\/uploads\/sites\/7\/2022\/10\/pdf-download-icon.gif\" alt=\"\" class=\"wp-image-1053\" srcset=\"https:\/\/www.fae.ufmg.br\/biblioteca\/wp-content\/uploads\/sites\/7\/2022\/10\/pdf-download-icon.gif 50w, https:\/\/www.fae.ufmg.br\/biblioteca\/wp-content\/uploads\/sites\/7\/2022\/10\/pdf-download-icon-40x40.gif 40w\" sizes=\"(max-width: 50px) 100vw, 50px\" \/><\/a><\/figure>\n<\/div><\/div>\n\n\n\n<div class=\"wp-block-group\"><div class=\"wp-block-group__inner-container\">\n<p>LUIZ, Raquel Matias. <strong>Projeto de vida com jovens na educa\u00e7\u00e3o do campo<\/strong>: um jogo como projeto did\u00e1tico. 2023. 46 f. Trabalho de Conclus\u00e3o de Curso (Licenciatura em Educa\u00e7\u00e3o do Campo, Habilita\u00e7\u00e3o em Ci\u00eancias Sociais e Humanidades.) \u2013 Faculdade de Educa\u00e7\u00e3o, Universidade Federal de Minas Gerais, Belo Horizonte; Piranga (MG), 2023. Orientador: Elias Evangelista Gomes. Dispon\u00edvel em &lt;https:\/\/www.fae.ufmg.br\/biblioteca\/wp-content\/uploads\/sites\/7\/2024\/08\/TCC-Raquel-Matias-Luiz_Versao-Final.pdf&gt;<\/p>\n\n\n\n<figure class=\"wp-block-image size-full\"><a href=\"https:\/\/www.fae.ufmg.br\/biblioteca\/wp-content\/uploads\/sites\/7\/2024\/08\/TCC-Raquel-Matias-Luiz_Versao-Final.pdf\"><img loading=\"lazy\" width=\"50\" height=\"50\" src=\"https:\/\/www.fae.ufmg.br\/biblioteca\/wp-content\/uploads\/sites\/7\/2022\/10\/pdf-download-icon.gif\" alt=\"\" class=\"wp-image-1053\" srcset=\"https:\/\/www.fae.ufmg.br\/biblioteca\/wp-content\/uploads\/sites\/7\/2022\/10\/pdf-download-icon.gif 50w, https:\/\/www.fae.ufmg.br\/biblioteca\/wp-content\/uploads\/sites\/7\/2022\/10\/pdf-download-icon-40x40.gif 40w\" sizes=\"(max-width: 50px) 100vw, 50px\" \/><\/a><\/figure>\n<\/div><\/div>\n\n\n\n<div class=\"wp-block-group\"><div class=\"wp-block-group__inner-container\">\n<p>MORENO, Veilson Martins. <strong>Rela\u00e7\u00e3o fam\u00edlia-escola no campo<\/strong>. 2023. 32 f. Trabalho de Conclus\u00e3o de Curso (Licenciatura em Educa\u00e7\u00e3o do Campo, Habilita\u00e7\u00e3o em Ci\u00eancias Sociais e Humanidades.) \u2013 Faculdade de Educa\u00e7\u00e3o, Universidade Federal de Minas Gerais, Belo Horizonte, 2023. Orientadora: Nayara Silva de Carie. Dispon\u00edvel em: &lt;https:\/\/www.fae.ufmg.br\/biblioteca\/wp-content\/uploads\/sites\/7\/2024\/08\/TCC-Veilson-Versao-Final.pdf&gt;<\/p>\n\n\n\n<figure class=\"wp-block-image size-full\"><a href=\"https:\/\/www.fae.ufmg.br\/biblioteca\/wp-content\/uploads\/sites\/7\/2024\/08\/TCC-Veilson-Versao-Final.pdf\"><img loading=\"lazy\" width=\"50\" height=\"50\" src=\"https:\/\/www.fae.ufmg.br\/biblioteca\/wp-content\/uploads\/sites\/7\/2022\/10\/pdf-download-icon.gif\" alt=\"\" class=\"wp-image-1053\" srcset=\"https:\/\/www.fae.ufmg.br\/biblioteca\/wp-content\/uploads\/sites\/7\/2022\/10\/pdf-download-icon.gif 50w, https:\/\/www.fae.ufmg.br\/biblioteca\/wp-content\/uploads\/sites\/7\/2022\/10\/pdf-download-icon-40x40.gif 40w\" sizes=\"(max-width: 50px) 100vw, 50px\" \/><\/a><\/figure>\n<\/div><\/div>\n\n\n\n<div class=\"wp-block-group\"><div class=\"wp-block-group__inner-container\">\n<p>PEREIRA, Ana Maria Aparecida. <strong>A produ\u00e7\u00e3o artesanal na comunidade quilombola de Faceira, Chapada do Norte \u2013 MG<\/strong>: mem\u00f3rias e hist\u00f3rias. 2023. 137 f. Trabalho de Conclus\u00e3o de Curso (Licenciatura em Educa\u00e7\u00e3o do Campo, Habilita\u00e7\u00e3o em Ci\u00eancias Sociais e Humanidades.) \u2013 Faculdade de Educa\u00e7\u00e3o, Universidade Federal de Minas Gerais, Belo Horizonte; Chapada do Norte (MG), 2023. Orientadora: \u00c1lida Ang\u00e9lica Alves Leal. Dispon\u00edvel em &lt;https:\/\/www.fae.ufmg.br\/biblioteca\/wp-content\/uploads\/sites\/7\/2024\/08\/TCC-Ana-Maria-VersaoFinal-compressed.pdf&gt;<\/p>\n\n\n\n<figure class=\"wp-block-image size-full\"><a href=\"https:\/\/www.fae.ufmg.br\/biblioteca\/wp-content\/uploads\/sites\/7\/2024\/08\/TCC-Ana-Maria-VersaoFinal-compressed.pdf\"><img loading=\"lazy\" width=\"50\" height=\"50\" src=\"https:\/\/www.fae.ufmg.br\/biblioteca\/wp-content\/uploads\/sites\/7\/2022\/10\/pdf-download-icon.gif\" alt=\"\" class=\"wp-image-1053\" srcset=\"https:\/\/www.fae.ufmg.br\/biblioteca\/wp-content\/uploads\/sites\/7\/2022\/10\/pdf-download-icon.gif 50w, https:\/\/www.fae.ufmg.br\/biblioteca\/wp-content\/uploads\/sites\/7\/2022\/10\/pdf-download-icon-40x40.gif 40w\" sizes=\"(max-width: 50px) 100vw, 50px\" \/><\/a><\/figure>\n<\/div><\/div>\n\n\n\n<div class=\"wp-block-group\"><div class=\"wp-block-group__inner-container\">\n<p>PEREIRA, M\u00e1rcia Lima. <strong>O pensamento dos jovens do munic\u00edpio de Rio Pardo de Minas-Minas Gerais (MG) sobre o seu processo de envelhecimento<\/strong>. 2023. 55 f. Trabalho de Conclus\u00e3o de Curso (Licenciatura em Educa\u00e7\u00e3o do Campo, Habilita\u00e7\u00e3o em Ci\u00eancias Sociais e Humanidades.) \u2013 Faculdade de Educa\u00e7\u00e3o, Universidade Federal de Minas Gerais, Belo Horizonte, 2023. Orientadora: D\u00e9bora Mariz. Dispon\u00edvel em &lt;https:\/\/www.fae.ufmg.br\/biblioteca\/wp-content\/uploads\/sites\/7\/2024\/08\/TCC-Marcia_Versao-Final.pdf&gt;<\/p>\n\n\n\n<figure class=\"wp-block-image size-full\"><a href=\"https:\/\/www.fae.ufmg.br\/biblioteca\/wp-content\/uploads\/sites\/7\/2024\/08\/TCC-Marcia_Versao-Final.pdf\"><img loading=\"lazy\" width=\"50\" height=\"50\" src=\"https:\/\/www.fae.ufmg.br\/biblioteca\/wp-content\/uploads\/sites\/7\/2022\/10\/pdf-download-icon.gif\" alt=\"\" class=\"wp-image-1053\" srcset=\"https:\/\/www.fae.ufmg.br\/biblioteca\/wp-content\/uploads\/sites\/7\/2022\/10\/pdf-download-icon.gif 50w, https:\/\/www.fae.ufmg.br\/biblioteca\/wp-content\/uploads\/sites\/7\/2022\/10\/pdf-download-icon-40x40.gif 40w\" sizes=\"(max-width: 50px) 100vw, 50px\" \/><\/a><\/figure>\n<\/div><\/div>\n\n\n\n<div class=\"wp-block-group\"><div class=\"wp-block-group__inner-container\">\n<p>QUEIROZ, Bruno Soares de. <strong>Produ\u00e7\u00e3o de leite no munic\u00edpio de Icara\u00ed de Minas<\/strong>: desafios e conhecimentos dos produtores. 2023. 41 f. Trabalho de Conclus\u00e3o de Curso (Licenciatura em Educa\u00e7\u00e3o do Campo, Habilita\u00e7\u00e3o em Ci\u00eancias Sociais e Humanidades.) \u2013 Faculdade de Educa\u00e7\u00e3o, Universidade Federal de Minas Gerais, Belo Horizonte, 2023. Orientadora: Maria de F\u00e1tima Almeida Martins. Dispon\u00edvel em &lt;https:\/\/www.fae.ufmg.br\/biblioteca\/wp-content\/uploads\/sites\/7\/2024\/08\/TCC-Bruno-Versao-Final.pdf&gt;<\/p>\n\n\n\n<figure class=\"wp-block-image size-full\"><a href=\"https:\/\/www.fae.ufmg.br\/biblioteca\/wp-content\/uploads\/sites\/7\/2024\/08\/TCC-Bruno-Versao-Final.pdf\"><img loading=\"lazy\" width=\"50\" height=\"50\" src=\"https:\/\/www.fae.ufmg.br\/biblioteca\/wp-content\/uploads\/sites\/7\/2022\/10\/pdf-download-icon.gif\" alt=\"\" class=\"wp-image-1053\" srcset=\"https:\/\/www.fae.ufmg.br\/biblioteca\/wp-content\/uploads\/sites\/7\/2022\/10\/pdf-download-icon.gif 50w, https:\/\/www.fae.ufmg.br\/biblioteca\/wp-content\/uploads\/sites\/7\/2022\/10\/pdf-download-icon-40x40.gif 40w\" sizes=\"(max-width: 50px) 100vw, 50px\" \/><\/a><\/figure>\n<\/div><\/div>\n\n\n\n<div class=\"wp-block-group\"><div class=\"wp-block-group__inner-container\">\n<p>QUEIROZ, Henrique Ant\u00f4nio Soares de. <strong>A rela\u00e7\u00e3o entre a pr\u00e1tica vazanteira no Rio S\u00e3o Francisco (comunidade de Nova Aparecida &#8211; Icara\u00ed de Minas &#8211; MG) e a preserva\u00e7\u00e3o da natureza<\/strong>. 2023. 58 f. Trabalho de Conclus\u00e3o de Curso (Licenciatura em Educa\u00e7\u00e3o do Campo, Habilita\u00e7\u00e3o em Ci\u00eancias Sociais e Humanidades.) \u2013 Faculdade de Educa\u00e7\u00e3o, Universidade Federal de Minas Gerais, Belo Horizonte; Icara\u00ed de Minas, 2023. Orientador: Mateus de Moraes Servilha. Dispon\u00edvel em &lt;https:\/\/www.fae.ufmg.br\/biblioteca\/wp-content\/uploads\/sites\/7\/2024\/08\/TCC-Henrique-VersaoFinal.pdf&gt;<\/p>\n\n\n\n<figure class=\"wp-block-image size-full\"><a href=\"https:\/\/www.fae.ufmg.br\/biblioteca\/wp-content\/uploads\/sites\/7\/2024\/08\/TCC-Henrique-VersaoFinal.pdf\"><img loading=\"lazy\" width=\"50\" height=\"50\" src=\"https:\/\/www.fae.ufmg.br\/biblioteca\/wp-content\/uploads\/sites\/7\/2022\/10\/pdf-download-icon.gif\" alt=\"\" class=\"wp-image-1053\" srcset=\"https:\/\/www.fae.ufmg.br\/biblioteca\/wp-content\/uploads\/sites\/7\/2022\/10\/pdf-download-icon.gif 50w, https:\/\/www.fae.ufmg.br\/biblioteca\/wp-content\/uploads\/sites\/7\/2022\/10\/pdf-download-icon-40x40.gif 40w\" sizes=\"(max-width: 50px) 100vw, 50px\" \/><\/a><\/figure>\n<\/div><\/div>\n\n\n\n<div class=\"wp-block-group\"><div class=\"wp-block-group__inner-container\">\n<p>QUEIROZ, Jos\u00e9 Amilton Martins. <strong>Implica\u00e7\u00f5es socioambientais da produ\u00e7\u00e3o de carv\u00e3o vegetal no munic\u00edpio de Icara\u00ed de Minas-MG<\/strong>. 2023. 53 f. Trabalho de Conclus\u00e3o de Curso (Licenciatura em Educa\u00e7\u00e3o do Campo, Habilita\u00e7\u00e3o em Ci\u00eancias Sociais e Humanidades.) \u2013 Faculdade de Educa\u00e7\u00e3o, Universidade Federal de Minas Gerais, Belo Horizonte, 2023. Orientador: Geraldo M\u00e1rcio Alves dos Santos. Dispon\u00edvel em &lt;https:\/\/www.fae.ufmg.br\/biblioteca\/wp-content\/uploads\/sites\/7\/2024\/08\/TCC-Jose-Amilton-M-Queiroz-Versao-final.pdf&gt;<\/p>\n\n\n\n<figure class=\"wp-block-image size-full\"><a href=\"https:\/\/www.fae.ufmg.br\/biblioteca\/wp-content\/uploads\/sites\/7\/2024\/08\/TCC-Jose-Amilton-M-Queiroz-Versao-final.pdf\"><img loading=\"lazy\" width=\"50\" height=\"50\" src=\"https:\/\/www.fae.ufmg.br\/biblioteca\/wp-content\/uploads\/sites\/7\/2022\/10\/pdf-download-icon.gif\" alt=\"\" class=\"wp-image-1053\" srcset=\"https:\/\/www.fae.ufmg.br\/biblioteca\/wp-content\/uploads\/sites\/7\/2022\/10\/pdf-download-icon.gif 50w, https:\/\/www.fae.ufmg.br\/biblioteca\/wp-content\/uploads\/sites\/7\/2022\/10\/pdf-download-icon-40x40.gif 40w\" sizes=\"(max-width: 50px) 100vw, 50px\" \/><\/a><\/figure>\n<\/div><\/div>\n\n\n\n<div class=\"wp-block-group\"><div class=\"wp-block-group__inner-container\">\n<p>QUEIROZ, Patrique Ant\u00f4nio Soares de. <strong>Saberes tradicionais da pesca<\/strong>: um estudo sobre o caso na comunidade pesqueira de Nova Aparecida &#8211; Icara\u00ed de Minas &#8211; MG. 2023. 108 f. Trabalho de Conclus\u00e3o de Curso (Licenciatura em Educa\u00e7\u00e3o do Campo, Habilita\u00e7\u00e3o em Ci\u00eancias Sociais e Humanidades.) \u2013 Faculdade de Educa\u00e7\u00e3o, Universidade Federal de Minas Gerais, Belo Horizonte, 2023. Orientadora: \u00c1lida Ang\u00e9lica Alves Leal; Coorientadora: Luana Cordeiro da Fonseca; Dispon\u00edvel em &lt;https:\/\/www.fae.ufmg.br\/biblioteca\/wp-content\/uploads\/sites\/7\/2024\/08\/TCC-Patrique-Versao-Final.pdf&gt;<\/p>\n\n\n\n<figure class=\"wp-block-image size-full\"><a href=\"https:\/\/www.fae.ufmg.br\/biblioteca\/wp-content\/uploads\/sites\/7\/2024\/08\/TCC-Patrique-Versao-Final.pdf\"><img loading=\"lazy\" width=\"50\" height=\"50\" src=\"https:\/\/www.fae.ufmg.br\/biblioteca\/wp-content\/uploads\/sites\/7\/2022\/10\/pdf-download-icon.gif\" alt=\"\" class=\"wp-image-1053\" srcset=\"https:\/\/www.fae.ufmg.br\/biblioteca\/wp-content\/uploads\/sites\/7\/2022\/10\/pdf-download-icon.gif 50w, https:\/\/www.fae.ufmg.br\/biblioteca\/wp-content\/uploads\/sites\/7\/2022\/10\/pdf-download-icon-40x40.gif 40w\" sizes=\"(max-width: 50px) 100vw, 50px\" \/><\/a><\/figure>\n<\/div><\/div>\n\n\n\n<div class=\"wp-block-group\"><div class=\"wp-block-group__inner-container\">\n<p>RODRIGUES, Renildo Ferreira. <strong>Educa\u00e7\u00e3o do campo em tempos de pandemia<\/strong>: um estudo sobre as pr\u00e1ticas pedag\u00f3gicas na educa\u00e7\u00e3o b\u00e1sica. 2023. [56] f. Trabalho de Conclus\u00e3o de Curso (Licenciatura em Educa\u00e7\u00e3o do Campo, Habilita\u00e7\u00e3o em Ci\u00eancias Sociais e Humanidades.) \u2013 Faculdade de Educa\u00e7\u00e3o, Universidade Federal de Minas Gerais, Belo Horizonte, 2023. Orientadora: Ana Paula Giavara; Coorientador: Danilo Marques Silva; Dispon\u00edvel em &lt;https:\/\/www.fae.ufmg.br\/biblioteca\/wp-content\/uploads\/sites\/7\/2024\/08\/TCC-Renildo-Versao-Final.pdf&gt;<\/p>\n\n\n\n<figure class=\"wp-block-image size-full\"><a href=\"https:\/\/www.fae.ufmg.br\/biblioteca\/wp-content\/uploads\/sites\/7\/2024\/08\/TCC-Renildo-Versao-Final.pdf\"><img loading=\"lazy\" width=\"50\" height=\"50\" src=\"https:\/\/www.fae.ufmg.br\/biblioteca\/wp-content\/uploads\/sites\/7\/2022\/10\/pdf-download-icon.gif\" alt=\"\" class=\"wp-image-1053\" srcset=\"https:\/\/www.fae.ufmg.br\/biblioteca\/wp-content\/uploads\/sites\/7\/2022\/10\/pdf-download-icon.gif 50w, https:\/\/www.fae.ufmg.br\/biblioteca\/wp-content\/uploads\/sites\/7\/2022\/10\/pdf-download-icon-40x40.gif 40w\" sizes=\"(max-width: 50px) 100vw, 50px\" \/><\/a><\/figure>\n<\/div><\/div>\n\n\n\n<div class=\"wp-block-group\"><div class=\"wp-block-group__inner-container\">\n<p>SANTOS E CAMPOS, Marina Berezuscky dos. <strong>Narrativas de professoras (es) da Escola Estadual Intendente C\u00e2mara sobre o projeto de campo em territ\u00f3rio de interesse miner\u00e1rio em Morro do Pilar-MG<\/strong>. 2023. 54 f. Trabalho de Conclus\u00e3o de Curso (Licenciatura em Educa\u00e7\u00e3o do Campo, Habilita\u00e7\u00e3o em Ci\u00eancias Sociais e Humanidades.) \u2013 Faculdade de Educa\u00e7\u00e3o, Universidade Federal de Minas Gerais, Belo Horizonte, 2023. Orientadora: Adriane Cristina de Melo Hunzicker; Coorientadora: Maria Isabel Antunes-Rocha; Dispon\u00edvel em &lt;https:\/\/www.fae.ufmg.br\/biblioteca\/wp-content\/uploads\/sites\/7\/2024\/08\/TCC-Marina-Versao-Final.pdf&gt;<\/p>\n\n\n\n<figure class=\"wp-block-image\"><a href=\"https:\/\/www.fae.ufmg.br\/biblioteca\/wp-content\/uploads\/sites\/7\/2024\/08\/TCC-Marina-Versao-Final.pdf\"><img src=\"https:\/\/www.fae.ufmg.br\/biblioteca\/wp-content\/uploads\/sites\/7\/2022\/10\/pdf-download-icon.gif\" alt=\"O atributo alt desta imagem est\u00e1 vazio. O nome do arquivo \u00e9 pdf-download-icon.gif\" \/><\/a><\/figure>\n\n\n\n<p>SANTOS, Ra\u00ed Batista da Rocha. <strong>O processo de desenvolvimento da pecu\u00e1ria leiteira na comunidade Lagoa dos Cavalos, munic\u00edpio de Icara\u00ed de Minas \u2013 MG. 2023<\/strong>. 43 f. Trabalho de Conclus\u00e3o de Curso (Licenciatura em Educa\u00e7\u00e3o do Campo, Habilita\u00e7\u00e3o em Ci\u00eancias Sociais e Humanidades.) \u2013 Faculdade de Educa\u00e7\u00e3o, Universidade Federal de Minas Gerais, Belo Horizonte, 2023. Orientador: Mateus de Moraes Servilha; Coorientadora: Daniela Martins Pereira; Dispon\u00edvel em &lt;https:\/\/www.fae.ufmg.br\/biblioteca\/wp-content\/uploads\/sites\/7\/2024\/08\/TCC-Rai-Versao-Final.pdf&gt;<\/p>\n\n\n\n<figure class=\"wp-block-image\"><a href=\"https:\/\/www.fae.ufmg.br\/biblioteca\/wp-content\/uploads\/sites\/7\/2024\/08\/TCC-Rai-Versao-Final.pdf\"><img src=\"https:\/\/www.fae.ufmg.br\/biblioteca\/wp-content\/uploads\/sites\/7\/2022\/10\/pdf-download-icon.gif\" alt=\"O atributo alt desta imagem est\u00e1 vazio. O nome do arquivo \u00e9 pdf-download-icon.gif\" \/><\/a><\/figure>\n<\/div><\/div>\n\n\n\n<p>SANTOS, Tha\u00eds Anerita Mendes. <strong>A cultura da mandioca: as transforma\u00e7\u00f5es t\u00e9cnicas e sociais no processo da produ\u00e7\u00e3o de farinha e goma na comunidade Riacho dos Cavalos &#8211; Rio Pardo de Minas-MG<\/strong>. 2023. 39 f. Trabalho de Conclus\u00e3o de Curso (Licenciatura em Educa\u00e7\u00e3o do Campo, Habilita\u00e7\u00e3o em Ci\u00eancias Sociais e Humanidades.) \u2013 Faculdade de Educa\u00e7\u00e3o, Universidade Federal de Minas Gerais, Belo Horizonte; Rio Pardo de Minas, 2023. Orientadora: Mateus de Moraes Servilha; Coorientador: Danilo Marques Silva; Dispon\u00edvel em &lt;https:\/\/www.fae.ufmg.br\/biblioteca\/wp-content\/uploads\/sites\/7\/2024\/08\/TCC-Thais-Anerita-VersaoFinal.pdf&gt;<\/p>\n\n\n\n<figure class=\"wp-block-image\"><a href=\"https:\/\/www.fae.ufmg.br\/biblioteca\/wp-content\/uploads\/sites\/7\/2024\/08\/TCC-Thais-Anerita-VersaoFinal.pdf\"><img src=\"https:\/\/www.fae.ufmg.br\/biblioteca\/wp-content\/uploads\/sites\/7\/2022\/10\/pdf-download-icon.gif\" alt=\"O atributo alt desta imagem est\u00e1 vazio. O nome do arquivo \u00e9 pdf-download-icon.gif\" \/><\/a><\/figure>\n\n\n\n<p>SILVA, Anderson Gon\u00e7alves da. <strong>O plano de estudo da Escola Fam\u00edlia Agr\u00edcola Tabocal: um olhar a partir da pedagogia da altern\u00e2ncia<\/strong>. 2023. 70 f. Trabalho de Conclus\u00e3o de Curso (Licenciatura em Educa\u00e7\u00e3o do Campo, Habilita\u00e7\u00e3o em Ci\u00eancias Sociais e Humanidades.) \u2013 Faculdade de Educa\u00e7\u00e3o, Universidade Federal de Minas Gerais, Belo Horizonte, 2023. Orientadora: Maria Isabel Antunes-Rocha; Coorientadora: Maria Osanette de Medeiros; Dispon\u00edvel em &lt;https:\/\/www.fae.ufmg.br\/biblioteca\/wp-content\/uploads\/sites\/7\/2024\/08\/TCC-Anderson-Versao-Final.pdf&gt;<\/p>\n\n\n\n<figure class=\"wp-block-image\"><a href=\"https:\/\/www.fae.ufmg.br\/biblioteca\/wp-content\/uploads\/sites\/7\/2024\/08\/TCC-Anderson-Versao-Final.pdf\"><img src=\"https:\/\/www.fae.ufmg.br\/biblioteca\/wp-content\/uploads\/sites\/7\/2022\/10\/pdf-download-icon.gif\" alt=\"O atributo alt desta imagem est\u00e1 vazio. O nome do arquivo \u00e9 pdf-download-icon.gif\" \/><\/a><\/figure>\n\n\n\n<p>SILVA, Andresa Brasileiro da. <strong>Luta pela terra<\/strong>: processo de resist\u00eancia do povo Xacriab\u00e1 da Aldeia Tenda, distrito de rancharia, munic\u00edpio de S\u00e3o Jo\u00e3o das Miss\u00f5es, Minas Gerais. 2023. 37 f. Trabalho de Conclus\u00e3o de Curso (Licenciatura em Educa\u00e7\u00e3o do Campo, Habilita\u00e7\u00e3o em Ci\u00eancias Sociais e Humanidades.) \u2013 Faculdade de Educa\u00e7\u00e3o, Universidade Federal de Minas Gerais, Belo Horizonte, 2023. Orientador: Pablo de Oliveira Lima. Dispon\u00edvel em &lt;https:\/\/www.fae.ufmg.br\/biblioteca\/wp-content\/uploads\/sites\/7\/2024\/08\/TCC-Andresa_-Versao-Final.pdf&gt;<\/p>\n\n\n\n<figure class=\"wp-block-image\"><a href=\"https:\/\/www.fae.ufmg.br\/biblioteca\/wp-content\/uploads\/sites\/7\/2024\/08\/TCC-Andresa_-Versao-Final.pdf\"><img src=\"https:\/\/www.fae.ufmg.br\/biblioteca\/wp-content\/uploads\/sites\/7\/2022\/10\/pdf-download-icon.gif\" alt=\"O atributo alt desta imagem est\u00e1 vazio. O nome do arquivo \u00e9 pdf-download-icon.gif\" \/><\/a><\/figure>\n\n\n\n<p>SILVA, Hellen Cristina da. <strong>Dos mandiocais \u00e0s farinhadas<\/strong>: uma descri\u00e7\u00e3o do processo de produ\u00e7\u00e3o e de comercializa\u00e7\u00e3o de derivados da mandioca na comunidade de Nova Aparecida &#8211; Icara\u00ed de Minas, Minas Gerais. 2023. 51 f. Trabalho de Conclus\u00e3o de Curso (Licenciatura em Educa\u00e7\u00e3o do Campo, Habilita\u00e7\u00e3o em Ci\u00eancias Sociais e Humanidades.) \u2013 Faculdade de Educa\u00e7\u00e3o, Universidade Federal de Minas Gerais, Belo Horizonte; Icara\u00ed de Minas, 2023. Orientadora: Meiriele Cruz. Dispon\u00edvel em &lt;https:\/\/www.fae.ufmg.br\/biblioteca\/wp-content\/uploads\/sites\/7\/2024\/08\/TCC-Hellen-_Versao-Final-_Biblioteca.pdf&gt;<\/p>\n\n\n\n<figure class=\"wp-block-image\"><a href=\"https:\/\/www.fae.ufmg.br\/biblioteca\/wp-content\/uploads\/sites\/7\/2024\/08\/TCC-Hellen-_Versao-Final-_Biblioteca.pdf\"><img src=\"https:\/\/www.fae.ufmg.br\/biblioteca\/wp-content\/uploads\/sites\/7\/2022\/10\/pdf-download-icon.gif\" alt=\"O atributo alt desta imagem est\u00e1 vazio. O nome do arquivo \u00e9 pdf-download-icon.gif\" \/><\/a><\/figure>\n\n\n\n<p>SOUSA, Adneia Mata. <strong>Acenda a fogueira, \u00e9 noite de S\u00e3o Jo\u00e3o!<\/strong>: uma autoetnografia das festividades juninas em Bonfim, Rio Pardo de Minas-MG. 2023. 57 f. Trabalho de Conclus\u00e3o de Curso (Licenciatura em Educa\u00e7\u00e3o do Campo, Habilita\u00e7\u00e3o em Ci\u00eancias Sociais e Humanidades.) \u2013 Faculdade de Educa\u00e7\u00e3o, Universidade Federal de Minas Gerais, Belo Horizonte; Rio Pardo de Minas, 2023. Orientadora: Graziele Ramos Schweig; Coorientadora: Meiriele Cruz; Dispon\u00edvel em &lt;https:\/\/www.fae.ufmg.br\/biblioteca\/wp-content\/uploads\/sites\/7\/2024\/08\/TCC-Adneia-Mata-Sousa-Versao-Final.pdf&gt;<\/p>\n\n\n\n<figure class=\"wp-block-image\"><a href=\"https:\/\/www.fae.ufmg.br\/biblioteca\/wp-content\/uploads\/sites\/7\/2024\/08\/TCC-Adneia-Mata-Sousa-Versao-Final.pdf\"><img src=\"https:\/\/www.fae.ufmg.br\/biblioteca\/wp-content\/uploads\/sites\/7\/2022\/10\/pdf-download-icon.gif\" alt=\"O atributo alt desta imagem est\u00e1 vazio. O nome do arquivo \u00e9 pdf-download-icon.gif\" \/><\/a><\/figure>\n\n\n\n<p>SOUSA, Adriana da Mata. <strong>Jovens e m\u00eddias digitais na educa\u00e7\u00e3o do campo<\/strong>. 2023. 31 f. Trabalho de Conclus\u00e3o de Curso (Licenciatura em Educa\u00e7\u00e3o do Campo, Habilita\u00e7\u00e3o em Ci\u00eancias Sociais e Humanidades.) \u2013 Faculdade de Educa\u00e7\u00e3o, Universidade Federal de Minas Gerais, Belo Horizonte; Rio Pardo de Minas (MG), 2023. Orientador: Elias Evangelista Gomes. Dispon\u00edvel em &lt;https:\/\/www.fae.ufmg.br\/biblioteca\/wp-content\/uploads\/sites\/7\/2024\/08\/TCC-Adriana-da-Mata-Sousa.pdf&gt;<\/p>\n\n\n\n<figure class=\"wp-block-image\"><a href=\"https:\/\/www.fae.ufmg.br\/biblioteca\/wp-content\/uploads\/sites\/7\/2024\/08\/TCC-Adriana-da-Mata-Sousa.pdf\"><img src=\"https:\/\/www.fae.ufmg.br\/biblioteca\/wp-content\/uploads\/sites\/7\/2022\/10\/pdf-download-icon.gif\" alt=\"O atributo alt desta imagem est\u00e1 vazio. O nome do arquivo \u00e9 pdf-download-icon.gif\" \/><\/a><\/figure>\n\n\n\n<p>SOUZA, Valdir Luiz de. <strong>O trabalho na produ\u00e7\u00e3o de leite na comunidade de Nova Aparecida- Icara\u00ed de Minas (MG)<\/strong>: desafios e potencialidades. 2023. 48 f. Trabalho de Conclus\u00e3o de Curso (Licenciatura em Educa\u00e7\u00e3o do Campo, Habilita\u00e7\u00e3o em Ci\u00eancias Sociais e Humanidades.) \u2013 Faculdade de Educa\u00e7\u00e3o, Universidade Federal de Minas Gerais, Belo Horizonte; Icara\u00ed de Minas, 2023. Orientador: Geraldo M\u00e1rcio Alves dos Santos. Dispon\u00edvel em &lt;https:\/\/www.fae.ufmg.br\/biblioteca\/wp-content\/uploads\/sites\/7\/2024\/08\/TCC-Valdir-Versao-Final.pdf&gt;<\/p>\n\n\n\n<figure class=\"wp-block-image\"><a href=\"https:\/\/www.fae.ufmg.br\/biblioteca\/wp-content\/uploads\/sites\/7\/2024\/08\/TCC-Valdir-Versao-Final.pdf\"><img src=\"https:\/\/www.fae.ufmg.br\/biblioteca\/wp-content\/uploads\/sites\/7\/2022\/10\/pdf-download-icon.gif\" alt=\"O atributo alt desta imagem est\u00e1 vazio. O nome do arquivo \u00e9 pdf-download-icon.gif\" \/><\/a><\/figure>\n\n\n\n<p><\/p>\n","protected":false},"excerpt":{"rendered":"<p>Trabalhos de conclus\u00e3o de curso dos alunos do curso de Licenciatura em Educa\u00e7\u00e3o do Campo (LECAMPO) do ano de 2023 &#8211; Habilita\u00e7\u00e3o em Ci\u00eancias Sociais e Humanidades ARA\u00daJO, Alice Cardoso de. A hist\u00f3ria da feira de agroecologia e artesanato de morro do Pilar-MG: transforma\u00e7\u00e3o social, valoriza\u00e7\u00e3o da cultura local e protagonismo feminino. 2023. 116 f. Trabalho de Conclus\u00e3o de Curso (Licenciatura em Educa\u00e7\u00e3o do Campo, Habilita\u00e7\u00e3o em Ci\u00eancias Sociais e Humanidades.) \u2013 Faculdade de Educa\u00e7\u00e3o, Universidade Federal de Minas Gerais, Belo Horizonte; Morro do Pilar (MG), 2023. Orientador: Mateus de Moraes Servilha; Coorientadora: Aryanne Martins Oliveira; Dispon\u00edvel em &lt;https:\/\/www.fae.ufmg.br\/biblioteca\/wp-content\/uploads\/sites\/7\/2024\/08\/TCC-Alice_Versao-Final.pdf&gt; ARA\u00daJO,\u2026<\/p>\n","protected":false},"author":21,"featured_media":0,"parent":1014,"menu_order":0,"comment_status":"closed","ping_status":"closed","template":"","meta":[],"blocksy_meta":{"styles_descriptor":{"styles":{"desktop":"","tablet":"","mobile":""},"google_fonts":[]}},"_links":{"self":[{"href":"https:\/\/www.fae.ufmg.br\/biblioteca\/wp-json\/wp\/v2\/pages\/1431"}],"collection":[{"href":"https:\/\/www.fae.ufmg.br\/biblioteca\/wp-json\/wp\/v2\/pages"}],"about":[{"href":"https:\/\/www.fae.ufmg.br\/biblioteca\/wp-json\/wp\/v2\/types\/page"}],"author":[{"embeddable":true,"href":"https:\/\/www.fae.ufmg.br\/biblioteca\/wp-json\/wp\/v2\/users\/21"}],"replies":[{"embeddable":true,"href":"https:\/\/www.fae.ufmg.br\/biblioteca\/wp-json\/wp\/v2\/comments?post=1431"}],"version-history":[{"count":6,"href":"https:\/\/www.fae.ufmg.br\/biblioteca\/wp-json\/wp\/v2\/pages\/1431\/revisions"}],"predecessor-version":[{"id":1442,"href":"https:\/\/www.fae.ufmg.br\/biblioteca\/wp-json\/wp\/v2\/pages\/1431\/revisions\/1442"}],"up":[{"embeddable":true,"href":"https:\/\/www.fae.ufmg.br\/biblioteca\/wp-json\/wp\/v2\/pages\/1014"}],"wp:attachment":[{"href":"https:\/\/www.fae.ufmg.br\/biblioteca\/wp-json\/wp\/v2\/media?parent=1431"}],"curies":[{"name":"wp","href":"https:\/\/api.w.org\/{rel}","templated":true}]}}